{"id":4853,"date":"2025-11-18T12:28:59","date_gmt":"2025-11-18T12:28:59","guid":{"rendered":"https:\/\/arcora.ab-media.fr\/actualites\/"},"modified":"2025-11-20T18:18:09","modified_gmt":"2025-11-20T18:18:09","slug":"publications","status":"publish","type":"page","link":"https:\/\/arcora.ab-media.fr\/en\/publications\/","title":{"rendered":"Publications"},"content":{"rendered":"<div class=\"wpb-content-wrapper\"><p>[vc_row full_width=&#8221;stretch_row_content_no_spaces&#8221; el_id=&#8221;section-1&#8243; css=&#8221;.vc_custom_1759834273283{background-image: url(https:\/\/arcora.ab-media.fr\/wp-content\/uploads\/2025\/10\/arcora-projects-banner-1-scaled.jpg?id=4116) !important;background-position: center !important;background-repeat: no-repeat !important;background-size: cover !important;}&#8221;][vc_column][\/vc_column][\/vc_row][vc_row full_width=&#8221;stretch_row_content&#8221; el_id=&#8221;breadcrumbs&#8221; el_class=&#8221;py-3&#8243;][vc_column css=&#8221;.vc_custom_1759322206768{padding-top: 0px !important;}&#8221;][vc_column_text css=&#8221;&#8221; el_class=&#8221;mb-0&#8243;]<span><span><a href=\"https:\/\/arcora.ab-media.fr\/en\/accueil-en-3\/\">Accueil<\/a><\/span><\/span>[\/vc_column_text][\/vc_column][\/vc_row][vc_row el_id=&#8221;section-2&#8243;][vc_column][vc_custom_heading text=&#8221;Recherches &amp; D\u00e9veloppements&#8221; font_container=&#8221;tag:h2|text_align:left|color:%23333333&#8243; use_theme_fonts=&#8221;yes&#8221; css=&#8221;.vc_custom_1760354472480{border-bottom-width: 2px !important;padding-bottom: 1rem !important;border-bottom-style: solid !important;border-color: #FF0000 !important;}&#8221; el_class=&#8221;d-inline-block my-0&#8243;][vc_empty_space height=&#8221;.667rem&#8221; mobile_height=&#8221;0px&#8221;][vc_column_text css=&#8221;&#8221; el_class=&#8221;regular&#8221;]L\u2019affirmation d\u2019une conscience \u00e9cologique am\u00e8ne l\u2019\u00e9quipe \u00e0 r\u00e9interroger sa d\u00e9marche de conception et conceptualisation, \u00e0 travers l\u2019utilisation juste et raisonn\u00e9e des mat\u00e9riaux et syst\u00e8mes constructifs.<\/p>\n<p>Rassembler l\u2019ensemble de ces initiatives individuelles, les structurer autour d\u2019une aspiration commune, r\u00e9affirmer cette d\u00e9marche d\u2019innovation qui fonde l\u2019esprit d\u2019Arcora depuis ses premi\u00e8res heures, telle est l\u2019ambition organique, \u00e9volutive, participative qu\u2019est le Laboratoire de Recherche &amp; D\u00e9veloppement d\u2019Arcora.[\/vc_column_text][\/vc_column][\/vc_row][vc_row full_width=&#8221;stretch_row&#8221; el_id=&#8221;section-3&#8243;][vc_column][vc_custom_heading text=&#8221;Nos publications&#8221; font_container=&#8221;tag:h2|text_align:left|color:%23333333&#8243; use_theme_fonts=&#8221;yes&#8221; css=&#8221;.vc_custom_1760355162126{border-bottom-width: 2px !important;padding-bottom: 1rem !important;border-bottom-style: solid !important;border-color: #FF0000 !important;}&#8221; el_class=&#8221;d-inline-block my-0&#8243;][vc_empty_space height=&#8221;.667rem&#8221; mobile_height=&#8221;0px&#8221;][\/vc_column][vc_column]<ul class=\"filters list-group list-group-horizontal as_h4\"><li class='list-group-item p-0'><input class='form-check-input me-1' name='categories' type='checkbox' value='112' id='112' checked><label class='form-check-label' for='112'>Leaflets<\/label><\/li><li class='list-group-item p-0'><input class='form-check-input me-1' name='categories' type='checkbox' value='113' id='113' checked><label class='form-check-label' for='113'>Posts<\/label><\/li><\/ul><div id=\"posts-loop\"><div class=\"post-item\"><div class='post_title as_h3'><a href='https:\/\/arcora.ab-media.fr\/en\/le-reemploi-de-la-pierre-mince-en-facade\/'><p>[vc_custom_heading text=&#8221;Reusing Thin Stone in Fa\u00e7ades&#8221; use_theme_fonts=&#8221;yes&#8221; css=&#8221;&#8221;]<\/p>\n<\/a><\/div><div class='entry-thumbnail'><a href='https:\/\/arcora.ab-media.fr\/en\/le-reemploi-de-la-pierre-mince-en-facade\/'>[vc_single_image image=\"3858\" img_size=\"full\" css=\"\" el_class=\"section-image mb-0\"]<span class=\"overlay\"><\/span><span class=\"icon-add\"><svg version=\"1.1\" xmlns=\"http:\/\/www.w3.org\/2000\/svg\" xmlns:xlink=\"http:\/\/www.w3.org\/1999\/xlink\" width=\"24\" height=\"24\" viewBox=\"0 0 24 24\"><path d=\"M18.984 12.984h-6v6h-1.969v-6h-6v-1.969h6v-6h1.969v6h6v1.969z\"><\/path><\/svg><\/span><\/a><\/div><div class='post_tags'><ul><li><a href='https:\/\/arcora.ab-media.fr\/en\/tag\/economie-circulaire\/'>#\u00c9conomie circulaire<\/a><\/li><li><a href='https:\/\/arcora.ab-media.fr\/en\/tag\/facade-bas-carbone\/'>#Fa\u00e7ade bas carbone<\/a><\/li><li><a href='https:\/\/arcora.ab-media.fr\/en\/tag\/reemploi-pierre\/'>#R\u00e9emploi pierre<\/a><\/li><\/ul><\/div><\/div><div class=\"post-item\"><div class='post_title as_h3'><a href='https:\/\/arcora.ab-media.fr\/en\/accompagner-lusage-de-la-pierre-en-facade\/'><p>[vc_custom_heading text=&#8221;Supporting the Use of Stone in Fa\u00e7ades&#8221; use_theme_fonts=&#8221;yes&#8221; css=&#8221;&#8221;]<\/p>\n<\/a><\/div><div class='entry-thumbnail'><a href='https:\/\/arcora.ab-media.fr\/en\/accompagner-lusage-de-la-pierre-en-facade\/'>[vc_single_image image=\"3784\" img_size=\"full\" css=\"\" el_class=\"section-image mb-0\"]<span class=\"overlay\"><\/span><span class=\"icon-add\"><svg version=\"1.1\" xmlns=\"http:\/\/www.w3.org\/2000\/svg\" xmlns:xlink=\"http:\/\/www.w3.org\/1999\/xlink\" width=\"24\" height=\"24\" viewBox=\"0 0 24 24\"><path d=\"M18.984 12.984h-6v6h-1.969v-6h-6v-1.969h6v-6h1.969v6h6v1.969z\"><\/path><\/svg><\/span><\/a><\/div><div class='post_tags'><ul><li><a href='https:\/\/arcora.ab-media.fr\/en\/tag\/facade-pierre\/'>#Fa\u00e7ade pierre<\/a><\/li><li><a href='https:\/\/arcora.ab-media.fr\/en\/tag\/innovation-technique\/'>#Innovation technique<\/a><\/li><li><a href='https:\/\/arcora.ab-media.fr\/en\/tag\/pierre-naturelle\/'>#Pierre naturelle<\/a><\/li><\/ul><\/div><\/div><div class=\"post-item\"><div class='post_title as_h3'><a href='https:\/\/arcora.ab-media.fr\/en\/guide-de-lintegration-du-vivant-en-facade\/'><p>[vc_custom_heading text=&#8221;Guide to Integrating Living Systems into Fa\u00e7ades&#8221; use_theme_fonts=&#8221;yes&#8221; css=&#8221;&#8221;]<\/p>\n<\/a><\/div><div class='entry-thumbnail'><a href='https:\/\/arcora.ab-media.fr\/en\/guide-de-lintegration-du-vivant-en-facade\/'>[vc_single_image image=\"3765\" img_size=\"full\" css=\"\" el_class=\"section-image mb-0\"]<span class=\"overlay\"><\/span><span class=\"icon-add\"><svg version=\"1.1\" xmlns=\"http:\/\/www.w3.org\/2000\/svg\" xmlns:xlink=\"http:\/\/www.w3.org\/1999\/xlink\" width=\"24\" height=\"24\" viewBox=\"0 0 24 24\"><path d=\"M18.984 12.984h-6v6h-1.969v-6h-6v-1.969h6v-6h1.969v6h6v1.969z\"><\/path><\/svg><\/span><\/a><\/div><div class='post_tags'><ul><li><a href='https:\/\/arcora.ab-media.fr\/en\/tag\/innovation-technique\/'>#Innovation technique<\/a><\/li><li><a href='https:\/\/arcora.ab-media.fr\/en\/tag\/biodiversite\/'>#Biodiversit\u00e9<\/a><\/li><li><a href='https:\/\/arcora.ab-media.fr\/en\/tag\/facade-vegetalisee\/'>#Fa\u00e7ade v\u00e9g\u00e9talis\u00e9e<\/a><\/li><\/ul><\/div><\/div><div class=\"post-item\"><div class='post_title as_h3'><a href='https:\/\/arcora.ab-media.fr\/en\/protection-solaire-mobile-peut-on-reduire-les-apports-solaires-tout-en-limitant-limpact-carbone-des-materiaux\/'><p>[vc_custom_heading text=&#8221;Mobile Solar Shading&#8221; use_theme_fonts=&#8221;yes&#8221; css=&#8221;&#8221;]<\/p>\n<\/a><\/div><div class='entry-thumbnail'><a href='https:\/\/arcora.ab-media.fr\/en\/protection-solaire-mobile-peut-on-reduire-les-apports-solaires-tout-en-limitant-limpact-carbone-des-materiaux\/'>[vc_single_image image=\"3570\" img_size=\"full\" css=\"\" el_class=\"section-image mb-0\"]<span class=\"overlay\"><\/span><span class=\"icon-add\"><svg version=\"1.1\" xmlns=\"http:\/\/www.w3.org\/2000\/svg\" xmlns:xlink=\"http:\/\/www.w3.org\/1999\/xlink\" width=\"24\" height=\"24\" viewBox=\"0 0 24 24\"><path d=\"M18.984 12.984h-6v6h-1.969v-6h-6v-1.969h6v-6h1.969v6h6v1.969z\"><\/path><\/svg><\/span><\/a><\/div><div class='post_tags'><ul><li><a href='https:\/\/arcora.ab-media.fr\/en\/tag\/facade-bas-carbone\/'>#Fa\u00e7ade bas carbone<\/a><\/li><li><a href='https:\/\/arcora.ab-media.fr\/en\/tag\/innovation-technique\/'>#Innovation technique<\/a><\/li><li><a href='https:\/\/arcora.ab-media.fr\/en\/tag\/protection-solaire\/'>#Protection solaire<\/a><\/li><\/ul><\/div><\/div><div class=\"post-item\"><div class='post_title as_h3'><a href='https:\/\/arcora.ab-media.fr\/en\/ecale-des-possibilites-elargies-dans-levaluation-carbone-avec-lactualisation-decale-io\/'><p>[vc_custom_heading text=&#8221;Ecale: Expanded Capabilities in Carbon Assessment with the Update of ecale.io&#8221; use_theme_fonts=&#8221;yes&#8221; css=&#8221;&#8221;]<\/p>\n<\/a><\/div><div class='entry-thumbnail'><a href='https:\/\/arcora.ab-media.fr\/en\/ecale-des-possibilites-elargies-dans-levaluation-carbone-avec-lactualisation-decale-io\/'>[vc_single_image image=\"3418\" img_size=\"full\" css=\"\" el_class=\"section-image mb-0\"]<span class=\"overlay\"><\/span><span class=\"icon-add\"><svg version=\"1.1\" xmlns=\"http:\/\/www.w3.org\/2000\/svg\" xmlns:xlink=\"http:\/\/www.w3.org\/1999\/xlink\" width=\"24\" height=\"24\" viewBox=\"0 0 24 24\"><path d=\"M18.984 12.984h-6v6h-1.969v-6h-6v-1.969h6v-6h1.969v6h6v1.969z\"><\/path><\/svg><\/span><\/a><\/div><div class='post_tags'><ul><li><a href='https:\/\/arcora.ab-media.fr\/en\/tag\/economie-circulaire\/'>#\u00c9conomie circulaire<\/a><\/li><li><a href='https:\/\/arcora.ab-media.fr\/en\/tag\/facade-bas-carbone\/'>#Fa\u00e7ade bas carbone<\/a><\/li><li><a href='https:\/\/arcora.ab-media.fr\/en\/tag\/innovation-technique\/'>#Innovation technique<\/a><\/li><\/ul><\/div><\/div><div class=\"post-item\"><div class='post_title as_h3'><a href='https:\/\/arcora.ab-media.fr\/en\/ecale-premier-outil-devaluation-du-poids-carbone-des-enveloppes-de-batiment-2\/'><p>[vc_custom_heading text=&#8221;Ecale &#8211; the first tool for assessing the carbon footprint of building envelopes&#8221; use_theme_fonts=&#8221;yes&#8221; css=&#8221;&#8221;]<\/p>\n<\/a><\/div><div class='entry-thumbnail'><a href='https:\/\/arcora.ab-media.fr\/en\/ecale-premier-outil-devaluation-du-poids-carbone-des-enveloppes-de-batiment-2\/'>[vc_single_image image=\"3355\" img_size=\"full\" css=\"\" el_class=\"section-image mb-0\"]<span class=\"overlay\"><\/span><span class=\"icon-add\"><svg version=\"1.1\" xmlns=\"http:\/\/www.w3.org\/2000\/svg\" xmlns:xlink=\"http:\/\/www.w3.org\/1999\/xlink\" width=\"24\" height=\"24\" viewBox=\"0 0 24 24\"><path d=\"M18.984 12.984h-6v6h-1.969v-6h-6v-1.969h6v-6h1.969v6h6v1.969z\"><\/path><\/svg><\/span><\/a><\/div><div class='post_tags'><ul><li><a href='https:\/\/arcora.ab-media.fr\/en\/tag\/facade-bas-carbone\/'>#Fa\u00e7ade bas carbone<\/a><\/li><li><a href='https:\/\/arcora.ab-media.fr\/en\/tag\/innovation-technique\/'>#Innovation technique<\/a><\/li><\/ul><\/div><\/div><div class=\"post-item\"><div class='post_title as_h3'><a href='https:\/\/arcora.ab-media.fr\/en\/ecale-premier-outil-devaluation-du-poids-carbone-des-enveloppes-de-batiment\/'><p>[vc_custom_heading text=&#8221;Ecale \u2013 The First Carbon Assessment Tool for Building Envelopes&#8221; use_theme_fonts=&#8221;yes&#8221; css=&#8221;&#8221;]<\/p>\n<\/a><\/div><div class='entry-thumbnail'><a href='https:\/\/arcora.ab-media.fr\/en\/ecale-premier-outil-devaluation-du-poids-carbone-des-enveloppes-de-batiment\/'>[vc_single_image image=\"3330\" img_size=\"full\" css=\"\" el_class=\"section-image mb-0\"]<span class=\"overlay\"><\/span><span class=\"icon-add\"><svg version=\"1.1\" xmlns=\"http:\/\/www.w3.org\/2000\/svg\" xmlns:xlink=\"http:\/\/www.w3.org\/1999\/xlink\" width=\"24\" height=\"24\" viewBox=\"0 0 24 24\"><path d=\"M18.984 12.984h-6v6h-1.969v-6h-6v-1.969h6v-6h1.969v6h6v1.969z\"><\/path><\/svg><\/span><\/a><\/div><div class='post_tags'><ul><li><a href='https:\/\/arcora.ab-media.fr\/en\/tag\/facade-bas-carbone\/'>#Fa\u00e7ade bas carbone<\/a><\/li><li><a href='https:\/\/arcora.ab-media.fr\/en\/tag\/innovation-technique\/'>#Innovation technique<\/a><\/li><li><a href='https:\/\/arcora.ab-media.fr\/en\/tag\/outil-numerique\/'>#Outil num\u00e9rique<\/a><\/li><\/ul><\/div><\/div><div class=\"post-item\"><div class='post_title as_h3'><a href='https:\/\/arcora.ab-media.fr\/en\/terre-crue\/'><p>[vc_custom_heading text=&#8221;RAW EARTH &#8211; Geo-sourced Construction&#8221; use_theme_fonts=&#8221;yes&#8221; css=&#8221;&#8221;]<\/p>\n<\/a><\/div><div class='entry-thumbnail'><a href='https:\/\/arcora.ab-media.fr\/en\/terre-crue\/'>[vc_single_image image=\"3273\" img_size=\"full\" css=\"\" el_class=\"section-image mb-0\"]<span class=\"overlay\"><\/span><span class=\"icon-add\"><svg version=\"1.1\" xmlns=\"http:\/\/www.w3.org\/2000\/svg\" xmlns:xlink=\"http:\/\/www.w3.org\/1999\/xlink\" width=\"24\" height=\"24\" viewBox=\"0 0 24 24\"><path d=\"M18.984 12.984h-6v6h-1.969v-6h-6v-1.969h6v-6h1.969v6h6v1.969z\"><\/path><\/svg><\/span><\/a><\/div><div class='post_tags'><ul><li><a href='https:\/\/arcora.ab-media.fr\/en\/tag\/terre-crue\/'>#Terre crue<\/a><\/li><li><a href='https:\/\/arcora.ab-media.fr\/en\/tag\/economie-circulaire\/'>#\u00c9conomie circulaire<\/a><\/li><li><a href='https:\/\/arcora.ab-media.fr\/en\/tag\/innovation-technique\/'>#Innovation technique<\/a><\/li><\/ul><\/div><\/div><div class=\"post-item\"><div class='post_title as_h3'><a href='https:\/\/arcora.ab-media.fr\/en\/hemera-le-premier-systeme-de-protection-solaire-actionne-par-un-fil-en-alliage-de-forme\/'><p>[vc_custom_heading text=&#8221;H\u00e9m\u00e9ra, the First Solar Shading System Actuated by a Shape Memory Alloy Wire&#8221; use_theme_fonts=&#8221;yes&#8221; css=&#8221;&#8221;]<\/p>\n<\/a><\/div><div class='entry-thumbnail'><a href='https:\/\/arcora.ab-media.fr\/en\/hemera-le-premier-systeme-de-protection-solaire-actionne-par-un-fil-en-alliage-de-forme\/'>[vc_single_image image=\"3220\" img_size=\"full\" css=\"\" el_class=\"section-image mb-0\"]<span class=\"overlay\"><\/span><span class=\"icon-add\"><svg version=\"1.1\" xmlns=\"http:\/\/www.w3.org\/2000\/svg\" xmlns:xlink=\"http:\/\/www.w3.org\/1999\/xlink\" width=\"24\" height=\"24\" viewBox=\"0 0 24 24\"><path d=\"M18.984 12.984h-6v6h-1.969v-6h-6v-1.969h6v-6h1.969v6h6v1.969z\"><\/path><\/svg><\/span><\/a><\/div><div class='post_tags'><ul><li><a href='https:\/\/arcora.ab-media.fr\/en\/tag\/facade-bas-carbone\/'>#Fa\u00e7ade bas carbone<\/a><\/li><li><a href='https:\/\/arcora.ab-media.fr\/en\/tag\/innovation-technique\/'>#Innovation technique<\/a><\/li><li><a href='https:\/\/arcora.ab-media.fr\/en\/tag\/protection-solaire\/'>#Protection solaire<\/a><\/li><\/ul><\/div><\/div><div class=\"post-item\"><div class='post_title as_h3'><a href='https:\/\/arcora.ab-media.fr\/en\/hemera-arex-un-systeme-inedit-de-protection-solaire-actionne-par-un-fil-en-alliage-a-memoire-de-forme\/'><p>[vc_custom_heading text=&#8221;H\u00e9m\u00e9ra ArEx \u2013 Un syst\u00e8me in\u00e9dit de protection solaire actionn\u00e9 par un fil en alliage \u00e0 m\u00e9moire de forme&#8221; use_theme_fonts=&#8221;yes&#8221; css=&#8221;&#8221;]<\/p>\n<\/a><\/div><div class='entry-thumbnail'><a href='https:\/\/arcora.ab-media.fr\/en\/hemera-arex-un-systeme-inedit-de-protection-solaire-actionne-par-un-fil-en-alliage-a-memoire-de-forme\/'>[vc_single_image image=\"3028\" img_size=\"full\" css=\"\" el_class=\"section-image mb-0\"]<span class=\"overlay\"><\/span><span class=\"icon-add\"><svg version=\"1.1\" xmlns=\"http:\/\/www.w3.org\/2000\/svg\" xmlns:xlink=\"http:\/\/www.w3.org\/1999\/xlink\" width=\"24\" height=\"24\" viewBox=\"0 0 24 24\"><path d=\"M18.984 12.984h-6v6h-1.969v-6h-6v-1.969h6v-6h1.969v6h6v1.969z\"><\/path><\/svg><\/span><\/a><\/div><\/div><div class=\"post-item\"><div class='post_title as_h3'><a href='https:\/\/arcora.ab-media.fr\/en\/ecoconcevoir-les-facades-par-le-calcul-carbone\/'><p>[vc_custom_heading text=&#8221;Ecoconcevoir les fa\u00e7ades par le calcul carbone&#8221; use_theme_fonts=&#8221;yes&#8221; css=&#8221;&#8221;]<\/p>\n<\/a><\/div><div class='entry-thumbnail'><a href='https:\/\/arcora.ab-media.fr\/en\/ecoconcevoir-les-facades-par-le-calcul-carbone\/'>[vc_single_image image=\"2997\" img_size=\"full\" css=\"\" el_class=\"section-image mb-0\"]<span class=\"overlay\"><\/span><span class=\"icon-add\"><svg version=\"1.1\" xmlns=\"http:\/\/www.w3.org\/2000\/svg\" xmlns:xlink=\"http:\/\/www.w3.org\/1999\/xlink\" width=\"24\" height=\"24\" viewBox=\"0 0 24 24\"><path d=\"M18.984 12.984h-6v6h-1.969v-6h-6v-1.969h6v-6h1.969v6h6v1.969z\"><\/path><\/svg><\/span><\/a><\/div><\/div><div class=\"post-item\"><div class='post_title as_h3'><a href='https:\/\/arcora.ab-media.fr\/en\/retombee-presse-2021\/'><p>[vc_custom_heading text=&#8221;Retomb\u00e9es presse 2021&#8243; use_theme_fonts=&#8221;yes&#8221; css=&#8221;&#8221;]<\/p>\n<\/a><\/div><div class='entry-thumbnail'><a href='https:\/\/arcora.ab-media.fr\/en\/retombee-presse-2021\/'>[vc_single_image image=\"2992\" img_size=\"full\" css=\"\" el_class=\"section-image mb-0\"]<span class=\"overlay\"><\/span><span class=\"icon-add\"><svg version=\"1.1\" xmlns=\"http:\/\/www.w3.org\/2000\/svg\" xmlns:xlink=\"http:\/\/www.w3.org\/1999\/xlink\" width=\"24\" height=\"24\" viewBox=\"0 0 24 24\"><path d=\"M18.984 12.984h-6v6h-1.969v-6h-6v-1.969h6v-6h1.969v6h6v1.969z\"><\/path><\/svg><\/span><\/a><\/div><\/div><div class=\"post-item\"><div class='post_title as_h3'><a href='https:\/\/arcora.ab-media.fr\/en\/vers-une-enveloppe-bas-carbone\/'><p>[vc_custom_heading text=&#8221;Vers une enveloppe bas carbone&#8221; use_theme_fonts=&#8221;yes&#8221; css=&#8221;&#8221;]<\/p>\n<\/a><\/div><div class='entry-thumbnail'><a href='https:\/\/arcora.ab-media.fr\/en\/vers-une-enveloppe-bas-carbone\/'>[vc_single_image image=\"2971\" img_size=\"full\" css=\"\" el_class=\"section-image mb-0\"]<span class=\"overlay\"><\/span><span class=\"icon-add\"><svg version=\"1.1\" xmlns=\"http:\/\/www.w3.org\/2000\/svg\" xmlns:xlink=\"http:\/\/www.w3.org\/1999\/xlink\" width=\"24\" height=\"24\" viewBox=\"0 0 24 24\"><path d=\"M18.984 12.984h-6v6h-1.969v-6h-6v-1.969h6v-6h1.969v6h6v1.969z\"><\/path><\/svg><\/span><\/a><\/div><\/div><div class=\"post-item\"><div class='post_title as_h3'><a href='https:\/\/arcora.ab-media.fr\/en\/reemploi-de-materiaux\/'><p>[vc_custom_heading text=&#8221;R\u00e9emploi de mat\u00e9riaux&#8221; use_theme_fonts=&#8221;yes&#8221; css=&#8221;&#8221;]<\/p>\n<\/a><\/div><div class='entry-thumbnail'><a href='https:\/\/arcora.ab-media.fr\/en\/reemploi-de-materiaux\/'>[vc_single_image image=\"2973\" img_size=\"full\" css=\"\" el_class=\"section-image mb-0\"]<span class=\"overlay\"><\/span><span class=\"icon-add\"><svg version=\"1.1\" xmlns=\"http:\/\/www.w3.org\/2000\/svg\" xmlns:xlink=\"http:\/\/www.w3.org\/1999\/xlink\" width=\"24\" height=\"24\" viewBox=\"0 0 24 24\"><path d=\"M18.984 12.984h-6v6h-1.969v-6h-6v-1.969h6v-6h1.969v6h6v1.969z\"><\/path><\/svg><\/span><\/a><\/div><\/div><div class=\"post-item\"><div class='post_title as_h3'><a href='https:\/\/arcora.ab-media.fr\/en\/recyclage-du-verre\/'><p>[vc_custom_heading text=&#8221;Recyclage du verre&#8221; use_theme_fonts=&#8221;yes&#8221; css=&#8221;&#8221;]<\/p>\n<\/a><\/div><div class='entry-thumbnail'><a href='https:\/\/arcora.ab-media.fr\/en\/recyclage-du-verre\/'>[vc_single_image image=\"2724\" img_size=\"full\" css=\"\" el_class=\"section-image mb-0\"]<span class=\"overlay\"><\/span><span class=\"icon-add\"><svg version=\"1.1\" xmlns=\"http:\/\/www.w3.org\/2000\/svg\" xmlns:xlink=\"http:\/\/www.w3.org\/1999\/xlink\" width=\"24\" height=\"24\" viewBox=\"0 0 24 24\"><path d=\"M18.984 12.984h-6v6h-1.969v-6h-6v-1.969h6v-6h1.969v6h6v1.969z\"><\/path><\/svg><\/span><\/a><\/div><\/div><div class=\"post-item\"><div class='post_title as_h3'><a href='https:\/\/arcora.ab-media.fr\/en\/biomimetisme-et-structures-deployables-5\/'><p>[vc_custom_heading text=&#8221;Fabriquer la ville durable&#8221; use_theme_fonts=&#8221;yes&#8221; css=&#8221;&#8221;]<\/p>\n<\/a><\/div><div class='entry-thumbnail'><a href='https:\/\/arcora.ab-media.fr\/en\/biomimetisme-et-structures-deployables-5\/'>[vc_single_image image=\"2645\" img_size=\"full\" css=\"\" el_class=\"section-image mb-0\"]<span class=\"overlay\"><\/span><span class=\"icon-add\"><svg version=\"1.1\" xmlns=\"http:\/\/www.w3.org\/2000\/svg\" xmlns:xlink=\"http:\/\/www.w3.org\/1999\/xlink\" width=\"24\" height=\"24\" viewBox=\"0 0 24 24\"><path d=\"M18.984 12.984h-6v6h-1.969v-6h-6v-1.969h6v-6h1.969v6h6v1.969z\"><\/path><\/svg><\/span><\/a><\/div><\/div><\/div><div id='load-more-pagination' class='d-flex justify-content-center w-100 load-more-wrapper' data-page='1' data-count='25' data-args='size:16|order_by:date|order:DESC|post_type:post' data-load-more='true'>\n\t<nav class=\"navigation pagination\" aria-label=\"Posts pagination\">\n\t\t<h2 class=\"screen-reader-text\">Posts pagination<\/h2>\n\t\t<div class=\"nav-links\"><span aria-current=\"page\" class=\"page-numbers current\">1<\/span>\n<a class=\"page-numbers\" href=\"https:\/\/arcora.ab-media.fr\/en\/wp-json\/wp\/v2\/pages\/4853\/page\/2\/\">2<\/a>\n<a class=\"next page-numbers\" href=\"https:\/\/arcora.ab-media.fr\/en\/wp-json\/wp\/v2\/pages\/4853\/page\/2\/\"><span class=\"icon-long-arrow-right\"><\/span><\/a><\/div>\n\t<\/nav><a href=\"#posts-loop\" class=\"d-none scroll_up\"><\/a><\/div>[\/vc_column][\/vc_row][vc_row el_id=&#8221;section-8&#8243;][vc_column][vc_empty_space height=&#8221;6.667rem&#8221; mobile_height=&#8221;2rem&#8221;][vc_custom_heading text=&#8221;Nos Projets&#8221; font_container=&#8221;tag:h2|text_align:left|color:%23333333&#8243; use_theme_fonts=&#8221;yes&#8221; css=&#8221;.vc_custom_1759406741364{border-bottom-width: 2px !important;padding-bottom: 1.667rem !important;border-bottom-style: solid !important;border-color: #FF0000 !important;}&#8221; el_class=&#8221;d-inline-block mt-0&#8243;][vc_empty_space height=&#8221;.667rem&#8221; mobile_height=&#8221;0px&#8221;]<div id=\"arcora-projects\" class=\"d-flex flex-wrap\"><div id='project-4586' class='project-item position-relative'><div class=\"img-wrapper position-relative w-100 overflow-hidden\"><img loading=\"lazy\" decoding=\"async\" width=\"495\" height=\"424\" src=\"https:\/\/arcora.ab-media.fr\/wp-content\/uploads\/2020\/08\/Cover_TourCharentonBercy.jpg\" class=\"attachment-large size-large wp-post-image\" alt=\"\" \/><\/div><p class='project-name position-absolute w-100 h-100 mb-0'><a href='https:\/\/arcora.ab-media.fr\/en\/project\/tour-charenton-bercy\/' class='w-100 h-100 d-flex justify-content-center align-items-center text-center text-reset text-uppercase p-4'>Tour Charenton Bercy<\/a><\/p><\/div><div id='project-4593' class='project-item position-relative'><div class=\"img-wrapper position-relative w-100 overflow-hidden\"><img loading=\"lazy\" decoding=\"async\" width=\"495\" height=\"424\" src=\"https:\/\/arcora.ab-media.fr\/wp-content\/uploads\/2020\/08\/Cover_ToLyon.jpg\" class=\"attachment-large size-large wp-post-image\" alt=\"\" \/><\/div><p class='project-name position-absolute w-100 h-100 mb-0'><a href='https:\/\/arcora.ab-media.fr\/en\/project\/to-lyon\/' class='w-100 h-100 d-flex justify-content-center align-items-center text-center text-reset text-uppercase p-4'>To Lyon<\/a><\/p><\/div><div id='project-4592' class='project-item position-relative'><div class=\"img-wrapper position-relative w-100 overflow-hidden\"><img loading=\"lazy\" decoding=\"async\" width=\"495\" height=\"424\" src=\"https:\/\/arcora.ab-media.fr\/wp-content\/uploads\/2020\/08\/Cover_19MChanel.jpg\" class=\"attachment-large size-large wp-post-image\" alt=\"\" \/><\/div><p class='project-name position-absolute w-100 h-100 mb-0'><a href='https:\/\/arcora.ab-media.fr\/en\/project\/19m\/' class='w-100 h-100 d-flex justify-content-center align-items-center text-center text-reset text-uppercase p-4'>19M<\/a><\/p><\/div><div id='all-prjects' class='project-item position-relative'><div class='img-wrapper position-relative w-100 overflow-hidden'><\/div><a href='https:\/\/arcora.ab-media.fr\/projets\/' class='w-100 h-100 position-absolute d-flex justify-content-center align-items-center text-uppercase'>View all<br>our projects ><\/a><\/div><\/div>[\/vc_column][\/vc_row]<\/p>\n<\/div>","protected":false},"excerpt":{"rendered":"<p>[vc_row full_width=&#8221;stretch_row_content_no_spaces&#8221; el_id=&#8221;section-1&#8243; css=&#8221;.vc_custom_1759834273283{background-image: url(https:\/\/arcora.ab-media.fr\/wp-content\/uploads\/2025\/10\/arcora-projects-banner-1-scaled.jpg?id=4116) !important;background-position: center !important;background-repeat: no-repeat !important;background-size: cover !important;}&#8221;][vc_column][\/vc_column][\/vc_row][vc_row full_width=&#8221;stretch_row_content&#8221; el_id=&#8221;breadcrumbs&#8221; el_class=&#8221;py-3&#8243;][vc_column css=&#8221;.vc_custom_1759322206768{padding-top: 0px !important;}&#8221;][vc_column_text css=&#8221;&#8221; el_class=&#8221;mb-0&#8243;][\/vc_column_text][\/vc_column][\/vc_row][vc_row el_id=&#8221;section-2&#8243;][vc_column][vc_custom_heading text=&#8221;Recherches &amp; D\u00e9veloppements&#8221; font_container=&#8221;tag:h2|text_align:left|color:%23333333&#8243; use_theme_fonts=&#8221;yes&#8221; css=&#8221;.vc_custom_1760354472480{border-bottom-width: 2px !important;padding-bottom: 1rem !important;border-bottom-style: solid !important;border-color: #FF0000 !important;}&#8221; el_class=&#8221;d-inline-block my-0&#8243;][vc_empty_space height=&#8221;.667rem&#8221; mobile_height=&#8221;0px&#8221;][vc_column_text css=&#8221;&#8221; el_class=&#8221;regular&#8221;]L\u2019affirmation d\u2019une conscience \u00e9cologique am\u00e8ne l\u2019\u00e9quipe \u00e0 r\u00e9interroger sa d\u00e9marche de conception et conceptualisation, \u00e0&hellip;<\/p>\n","protected":false},"author":2,"featured_media":0,"parent":0,"menu_order":0,"comment_status":"closed","ping_status":"closed","template":"","meta":{"_acf_changed":false,"inline_featured_image":false,"footnotes":""},"class_list":["post-4853","page","type-page","status-publish","hentry","post"],"acf":[],"yoast_head":"<!-- This site is optimized with the Yoast SEO plugin v27.5 - https:\/\/yoast.com\/product\/yoast-seo-wordpress\/ -->\n<title>Publications - Arcora<\/title>\n<meta name=\"robots\" content=\"noindex, follow, max-snippet:-1, max-image-preview:large, max-video-preview:-1\" \/>\n<meta property=\"og:locale\" content=\"en_US\" \/>\n<meta property=\"og:type\" content=\"article\" \/>\n<meta property=\"og:title\" content=\"Publications - Arcora\" \/>\n<meta property=\"og:description\" content=\"[vc_row full_width=&#8221;stretch_row_content_no_spaces&#8221; el_id=&#8221;section-1&#8243; css=&#8221;.vc_custom_1759834273283{background-image: url(https:\/\/arcora.ab-media.fr\/wp-content\/uploads\/2025\/10\/arcora-projects-banner-1-scaled.jpg?id=4116) !important;background-position: center !important;background-repeat: no-repeat !important;background-size: cover !important;}&#8221;][vc_column][\/vc_column][\/vc_row][vc_row full_width=&#8221;stretch_row_content&#8221; el_id=&#8221;breadcrumbs&#8221; el_class=&#8221;py-3&#8243;][vc_column css=&#8221;.vc_custom_1759322206768{padding-top: 0px !important;}&#8221;][vc_column_text css=&#8221;&#8221; el_class=&#8221;mb-0&#8243;][\/vc_column_text][\/vc_column][\/vc_row][vc_row el_id=&#8221;section-2&#8243;][vc_column][vc_custom_heading text=&#8221;Recherches &amp; D\u00e9veloppements&#8221; font_container=&#8221;tag:h2|text_align:left|color:%23333333&#8243; use_theme_fonts=&#8221;yes&#8221; css=&#8221;.vc_custom_1760354472480{border-bottom-width: 2px !important;padding-bottom: 1rem !important;border-bottom-style: solid !important;border-color: #FF0000 !important;}&#8221; el_class=&#8221;d-inline-block my-0&#8243;][vc_empty_space height=&#8221;.667rem&#8221; mobile_height=&#8221;0px&#8221;][vc_column_text css=&#8221;&#8221; el_class=&#8221;regular&#8221;]L\u2019affirmation d\u2019une conscience \u00e9cologique am\u00e8ne l\u2019\u00e9quipe \u00e0 r\u00e9interroger sa d\u00e9marche de conception et conceptualisation, \u00e0&hellip;\" \/>\n<meta property=\"og:url\" content=\"https:\/\/arcora.ab-media.fr\/en\/publications\/\" \/>\n<meta property=\"og:site_name\" content=\"Arcora\" \/>\n<meta property=\"article:modified_time\" content=\"2025-11-20T18:18:09+00:00\" \/>\n<meta property=\"og:image\" content=\"https:\/\/arcora.ab-media.fr\/wp-content\/uploads\/2025\/09\/Mask-Group-5-3400x1532.jpg\" \/>\n\t<meta property=\"og:image:width\" content=\"3400\" \/>\n\t<meta property=\"og:image:height\" content=\"1532\" \/>\n\t<meta property=\"og:image:type\" content=\"image\/jpeg\" \/>\n<meta name=\"twitter:card\" content=\"summary_large_image\" \/>\n<meta name=\"twitter:label1\" content=\"Est. reading time\" \/>\n\t<meta name=\"twitter:data1\" content=\"1 minute\" \/>\n<script type=\"application\/ld+json\" class=\"yoast-schema-graph\">{\"@context\":\"https:\\\/\\\/schema.org\",\"@graph\":[{\"@type\":\"WebPage\",\"@id\":\"https:\\\/\\\/arcora.ab-media.fr\\\/en\\\/publications\\\/\",\"url\":\"https:\\\/\\\/arcora.ab-media.fr\\\/en\\\/publications\\\/\",\"name\":\"Publications - Arcora\",\"isPartOf\":{\"@id\":\"https:\\\/\\\/arcora.ab-media.fr\\\/#website\"},\"datePublished\":\"2025-11-18T12:28:59+00:00\",\"dateModified\":\"2025-11-20T18:18:09+00:00\",\"breadcrumb\":{\"@id\":\"https:\\\/\\\/arcora.ab-media.fr\\\/en\\\/publications\\\/#breadcrumb\"},\"inLanguage\":\"en-US\",\"potentialAction\":[{\"@type\":\"ReadAction\",\"target\":[\"https:\\\/\\\/arcora.ab-media.fr\\\/en\\\/publications\\\/\"]}]},{\"@type\":\"BreadcrumbList\",\"@id\":\"https:\\\/\\\/arcora.ab-media.fr\\\/en\\\/publications\\\/#breadcrumb\",\"itemListElement\":[{\"@type\":\"ListItem\",\"position\":1,\"name\":\"Accueil\",\"item\":\"https:\\\/\\\/arcora.ab-media.fr\\\/en\\\/accueil-en-3\\\/\"},{\"@type\":\"ListItem\",\"position\":2,\"name\":\"Publications\"}]},{\"@type\":\"WebSite\",\"@id\":\"https:\\\/\\\/arcora.ab-media.fr\\\/#website\",\"url\":\"https:\\\/\\\/arcora.ab-media.fr\\\/\",\"name\":\"Arcora\",\"description\":\"\",\"publisher\":{\"@id\":\"https:\\\/\\\/arcora.ab-media.fr\\\/#organization\"},\"potentialAction\":[{\"@type\":\"SearchAction\",\"target\":{\"@type\":\"EntryPoint\",\"urlTemplate\":\"https:\\\/\\\/arcora.ab-media.fr\\\/?s={search_term_string}\"},\"query-input\":{\"@type\":\"PropertyValueSpecification\",\"valueRequired\":true,\"valueName\":\"search_term_string\"}}],\"inLanguage\":\"en-US\"},{\"@type\":\"Organization\",\"@id\":\"https:\\\/\\\/arcora.ab-media.fr\\\/#organization\",\"name\":\"Arcora\",\"url\":\"https:\\\/\\\/arcora.ab-media.fr\\\/\",\"logo\":{\"@type\":\"ImageObject\",\"inLanguage\":\"en-US\",\"@id\":\"https:\\\/\\\/arcora.ab-media.fr\\\/#\\\/schema\\\/logo\\\/image\\\/\",\"url\":\"https:\\\/\\\/arcora.ab-media.fr\\\/wp-content\\\/uploads\\\/2021\\\/02\\\/cropped-Logo_Arcora-copie-1.jpg\",\"contentUrl\":\"https:\\\/\\\/arcora.ab-media.fr\\\/wp-content\\\/uploads\\\/2021\\\/02\\\/cropped-Logo_Arcora-copie-1.jpg\",\"width\":327,\"height\":132,\"caption\":\"Arcora\"},\"image\":{\"@id\":\"https:\\\/\\\/arcora.ab-media.fr\\\/#\\\/schema\\\/logo\\\/image\\\/\"}}]}<\/script>\n<!-- \/ Yoast SEO plugin. -->","yoast_head_json":{"title":"Publications - Arcora","robots":{"index":"noindex","follow":"follow","max-snippet":"max-snippet:-1","max-image-preview":"max-image-preview:large","max-video-preview":"max-video-preview:-1"},"og_locale":"en_US","og_type":"article","og_title":"Publications - Arcora","og_description":"[vc_row full_width=&#8221;stretch_row_content_no_spaces&#8221; el_id=&#8221;section-1&#8243; css=&#8221;.vc_custom_1759834273283{background-image: url(https:\/\/arcora.ab-media.fr\/wp-content\/uploads\/2025\/10\/arcora-projects-banner-1-scaled.jpg?id=4116) !important;background-position: center !important;background-repeat: no-repeat !important;background-size: cover !important;}&#8221;][vc_column][\/vc_column][\/vc_row][vc_row full_width=&#8221;stretch_row_content&#8221; el_id=&#8221;breadcrumbs&#8221; el_class=&#8221;py-3&#8243;][vc_column css=&#8221;.vc_custom_1759322206768{padding-top: 0px !important;}&#8221;][vc_column_text css=&#8221;&#8221; el_class=&#8221;mb-0&#8243;][\/vc_column_text][\/vc_column][\/vc_row][vc_row el_id=&#8221;section-2&#8243;][vc_column][vc_custom_heading text=&#8221;Recherches &amp; D\u00e9veloppements&#8221; font_container=&#8221;tag:h2|text_align:left|color:%23333333&#8243; use_theme_fonts=&#8221;yes&#8221; css=&#8221;.vc_custom_1760354472480{border-bottom-width: 2px !important;padding-bottom: 1rem !important;border-bottom-style: solid !important;border-color: #FF0000 !important;}&#8221; el_class=&#8221;d-inline-block my-0&#8243;][vc_empty_space height=&#8221;.667rem&#8221; mobile_height=&#8221;0px&#8221;][vc_column_text css=&#8221;&#8221; el_class=&#8221;regular&#8221;]L\u2019affirmation d\u2019une conscience \u00e9cologique am\u00e8ne l\u2019\u00e9quipe \u00e0 r\u00e9interroger sa d\u00e9marche de conception et conceptualisation, \u00e0&hellip;","og_url":"https:\/\/arcora.ab-media.fr\/en\/publications\/","og_site_name":"Arcora","article_modified_time":"2025-11-20T18:18:09+00:00","og_image":[{"width":3400,"height":1532,"url":"https:\/\/arcora.ab-media.fr\/wp-content\/uploads\/2025\/09\/Mask-Group-5-3400x1532.jpg","type":"image\/jpeg"}],"twitter_card":"summary_large_image","twitter_misc":{"Est. reading time":"1 minute"},"schema":{"@context":"https:\/\/schema.org","@graph":[{"@type":"WebPage","@id":"https:\/\/arcora.ab-media.fr\/en\/publications\/","url":"https:\/\/arcora.ab-media.fr\/en\/publications\/","name":"Publications - Arcora","isPartOf":{"@id":"https:\/\/arcora.ab-media.fr\/#website"},"datePublished":"2025-11-18T12:28:59+00:00","dateModified":"2025-11-20T18:18:09+00:00","breadcrumb":{"@id":"https:\/\/arcora.ab-media.fr\/en\/publications\/#breadcrumb"},"inLanguage":"en-US","potentialAction":[{"@type":"ReadAction","target":["https:\/\/arcora.ab-media.fr\/en\/publications\/"]}]},{"@type":"BreadcrumbList","@id":"https:\/\/arcora.ab-media.fr\/en\/publications\/#breadcrumb","itemListElement":[{"@type":"ListItem","position":1,"name":"Accueil","item":"https:\/\/arcora.ab-media.fr\/en\/accueil-en-3\/"},{"@type":"ListItem","position":2,"name":"Publications"}]},{"@type":"WebSite","@id":"https:\/\/arcora.ab-media.fr\/#website","url":"https:\/\/arcora.ab-media.fr\/","name":"Arcora","description":"","publisher":{"@id":"https:\/\/arcora.ab-media.fr\/#organization"},"potentialAction":[{"@type":"SearchAction","target":{"@type":"EntryPoint","urlTemplate":"https:\/\/arcora.ab-media.fr\/?s={search_term_string}"},"query-input":{"@type":"PropertyValueSpecification","valueRequired":true,"valueName":"search_term_string"}}],"inLanguage":"en-US"},{"@type":"Organization","@id":"https:\/\/arcora.ab-media.fr\/#organization","name":"Arcora","url":"https:\/\/arcora.ab-media.fr\/","logo":{"@type":"ImageObject","inLanguage":"en-US","@id":"https:\/\/arcora.ab-media.fr\/#\/schema\/logo\/image\/","url":"https:\/\/arcora.ab-media.fr\/wp-content\/uploads\/2021\/02\/cropped-Logo_Arcora-copie-1.jpg","contentUrl":"https:\/\/arcora.ab-media.fr\/wp-content\/uploads\/2021\/02\/cropped-Logo_Arcora-copie-1.jpg","width":327,"height":132,"caption":"Arcora"},"image":{"@id":"https:\/\/arcora.ab-media.fr\/#\/schema\/logo\/image\/"}}]}},"_links":{"self":[{"href":"https:\/\/arcora.ab-media.fr\/en\/wp-json\/wp\/v2\/pages\/4853","targetHints":{"allow":["GET"]}}],"collection":[{"href":"https:\/\/arcora.ab-media.fr\/en\/wp-json\/wp\/v2\/pages"}],"about":[{"href":"https:\/\/arcora.ab-media.fr\/en\/wp-json\/wp\/v2\/types\/page"}],"author":[{"embeddable":true,"href":"https:\/\/arcora.ab-media.fr\/en\/wp-json\/wp\/v2\/users\/2"}],"replies":[{"embeddable":true,"href":"https:\/\/arcora.ab-media.fr\/en\/wp-json\/wp\/v2\/comments?post=4853"}],"version-history":[{"count":2,"href":"https:\/\/arcora.ab-media.fr\/en\/wp-json\/wp\/v2\/pages\/4853\/revisions"}],"predecessor-version":[{"id":4906,"href":"https:\/\/arcora.ab-media.fr\/en\/wp-json\/wp\/v2\/pages\/4853\/revisions\/4906"}],"wp:attachment":[{"href":"https:\/\/arcora.ab-media.fr\/en\/wp-json\/wp\/v2\/media?parent=4853"}],"curies":[{"name":"wp","href":"https:\/\/api.w.org\/{rel}","templated":true}]}}